{"id":1614,"date":"2019-12-02T22:05:04","date_gmt":"2019-12-02T22:05:04","guid":{"rendered":"https:\/\/magoezequias.com.ar\/tienda\/?post_type=product&#038;p=1614"},"modified":"2020-07-09T01:10:43","modified_gmt":"2020-07-09T01:10:43","slug":"papa-noel-perdio-el-gorro","status":"publish","type":"product","link":"https:\/\/magoezequias.com.ar\/tienda\/producto\/papa-noel-perdio-el-gorro","title":{"rendered":"Pap\u00e1 Noel perdi\u00f3 el gorro"},"content":{"rendered":"<p><a href=\"https:\/\/magoezequias.com.ar\/tienda\/wp-content\/uploads\/2019\/12\/papa-noel-gorro-4.jpg\"><img fetchpriority=\"high\" decoding=\"async\" class=\"aligncenter size-full wp-image-1616\" src=\"https:\/\/magoezequias.com.ar\/tienda\/wp-content\/uploads\/2019\/12\/papa-noel-gorro-4.jpg\" alt=\"\" width=\"500\" height=\"332\" srcset=\"https:\/\/magoezequias.com.ar\/tienda\/wp-content\/uploads\/2019\/12\/papa-noel-gorro-4.jpg 500w, https:\/\/magoezequias.com.ar\/tienda\/wp-content\/uploads\/2019\/12\/papa-noel-gorro-4-300x199.jpg 300w\" sizes=\"(max-width: 500px) 100vw, 500px\" \/><\/a><\/p>\n<p style=\"text-align: justify;\">El mago muestra una foto dice que Pap\u00e1 Noel sali\u00f3 tan apurado a repartir regalos para los ni\u00f1os que se olvid\u00f3 de ponerse su tradicional gorro.<\/p>\n<p style=\"text-align: justify;\">Ante esto lo tendremos que ayudar, pero el mago muestra varios gorros de distintos colores. Los coloca en la bolsa de Pap\u00e1 Noel, la cual muestra vac\u00eda.<\/p>\n<p><a href=\"https:\/\/magoezequias.com.ar\/tienda\/wp-content\/uploads\/2019\/12\/papa-noel-gorro-2.jpg\"><img decoding=\"async\" class=\"aligncenter size-full wp-image-1618\" src=\"https:\/\/magoezequias.com.ar\/tienda\/wp-content\/uploads\/2019\/12\/papa-noel-gorro-2.jpg\" alt=\"\" width=\"500\" height=\"374\" srcset=\"https:\/\/magoezequias.com.ar\/tienda\/wp-content\/uploads\/2019\/12\/papa-noel-gorro-2.jpg 500w, https:\/\/magoezequias.com.ar\/tienda\/wp-content\/uploads\/2019\/12\/papa-noel-gorro-2-300x224.jpg 300w\" sizes=\"(max-width: 500px) 100vw, 500px\" \/><\/a><\/p>\n<p style=\"text-align: justify;\">Luego le pregunta a los ni\u00f1os, cual es el color de gorro y todos dicen \u00a8ROJO\u00a8. Ante esto se dicen las palabras m\u00e1gicas, se sacan las im\u00e1genes y se ve que el gorro rojo desapareci\u00f3.<\/p>\n<p style=\"text-align: justify;\">El mago muestra la foto del Pap\u00e1 Noel y ya est\u00e1 muy contento con su gorro colocado.<\/p>\n<p style=\"text-align: justify;\"><a href=\"https:\/\/magoezequias.com.ar\/tienda\/wp-content\/uploads\/2019\/12\/papa-noel-gorro-3.jpg\"><img decoding=\"async\" class=\"aligncenter size-full wp-image-1617\" src=\"https:\/\/magoezequias.com.ar\/tienda\/wp-content\/uploads\/2019\/12\/papa-noel-gorro-3.jpg\" alt=\"\" width=\"500\" height=\"351\" srcset=\"https:\/\/magoezequias.com.ar\/tienda\/wp-content\/uploads\/2019\/12\/papa-noel-gorro-3.jpg 500w, https:\/\/magoezequias.com.ar\/tienda\/wp-content\/uploads\/2019\/12\/papa-noel-gorro-3-300x211.jpg 300w\" sizes=\"(max-width: 500px) 100vw, 500px\" \/><\/a><\/p>\n<p style=\"text-align: justify;\">Como final el mago dice que Pap\u00e1 Noel les quiere dejar un regalo a todos. Toma la bolsa que hab\u00eda mostrado vac\u00eda y ahora all\u00ed hay una leyenda que dice \u00a8Felices Fiestas\u00a8.<\/p>\n<p style=\"text-align: justify;\">Una rutina muy m\u00e1gica, practica, f\u00e1cil de ejecutar y muy visual. Ocupa poco lugar y rinde mucho en escena. Construido en cart\u00f3n laminado para una m\u00e1xima durabilidad.<\/p>\n<p><a href=\"https:\/\/magoezequias.com.ar\/tienda\/wp-content\/uploads\/2019\/12\/papa-noel-gorro-1.jpg\"><img loading=\"lazy\" decoding=\"async\" class=\"aligncenter size-full wp-image-1619\" src=\"https:\/\/magoezequias.com.ar\/tienda\/wp-content\/uploads\/2019\/12\/papa-noel-gorro-1.jpg\" alt=\"\" width=\"500\" height=\"436\" srcset=\"https:\/\/magoezequias.com.ar\/tienda\/wp-content\/uploads\/2019\/12\/papa-noel-gorro-1.jpg 500w, https:\/\/magoezequias.com.ar\/tienda\/wp-content\/uploads\/2019\/12\/papa-noel-gorro-1-300x262.jpg 300w\" sizes=\"(max-width: 500px) 100vw, 500px\" \/><\/a><\/p>\n","protected":false},"excerpt":{"rendered":"<p>El mago muestra una foto dice que Pap\u00e1 Noel sali\u00f3 tan apurado a repartir regalos para los ni\u00f1os que se olvid\u00f3 de ponerse su tradicional gorro. Ante esto lo tendremos que ayudar, pero el mago muestra varios gorros de distintos colores. Los coloca en la bolsa de Pap\u00e1 Noel, la cual muestra vac\u00eda. Luego le [&hellip;]<\/p>\n","protected":false},"featured_media":1615,"comment_status":"open","ping_status":"closed","template":"","meta":[],"product_brand":[],"product_cat":[60,8],"product_tag":[17,402,401,400],"class_list":{"0":"post-1614","1":"product","2":"type-product","3":"status-publish","4":"has-post-thumbnail","6":"product_cat-ezequias-2","7":"product_cat-infantil","8":"product_tag-ezequias","9":"product_tag-navidad","10":"product_tag-noel","11":"product_tag-papa","13":"first","14":"instock","15":"shipping-taxable","16":"purchasable","17":"product-type-simple"},"aioseo_notices":[],"_links":{"self":[{"href":"https:\/\/magoezequias.com.ar\/tienda\/wp-json\/wp\/v2\/product\/1614","targetHints":{"allow":["GET"]}}],"collection":[{"href":"https:\/\/magoezequias.com.ar\/tienda\/wp-json\/wp\/v2\/product"}],"about":[{"href":"https:\/\/magoezequias.com.ar\/tienda\/wp-json\/wp\/v2\/types\/product"}],"replies":[{"embeddable":true,"href":"https:\/\/magoezequias.com.ar\/tienda\/wp-json\/wp\/v2\/comments?post=1614"}],"version-history":[{"count":0,"href":"https:\/\/magoezequias.com.ar\/tienda\/wp-json\/wp\/v2\/product\/1614\/revisions"}],"wp:featuredmedia":[{"embeddable":true,"href":"https:\/\/magoezequias.com.ar\/tienda\/wp-json\/wp\/v2\/media\/1615"}],"wp:attachment":[{"href":"https:\/\/magoezequias.com.ar\/tienda\/wp-json\/wp\/v2\/media?parent=1614"}],"wp:term":[{"taxonomy":"product_brand","embeddable":true,"href":"https:\/\/magoezequias.com.ar\/tienda\/wp-json\/wp\/v2\/product_brand?post=1614"},{"taxonomy":"product_cat","embeddable":true,"href":"https:\/\/magoezequias.com.ar\/tienda\/wp-json\/wp\/v2\/product_cat?post=1614"},{"taxonomy":"product_tag","embeddable":true,"href":"https:\/\/magoezequias.com.ar\/tienda\/wp-json\/wp\/v2\/product_tag?post=1614"}],"curies":[{"name":"wp","href":"https:\/\/api.w.org\/{rel}","templated":true}]}}